{"id":1322,"date":"2025-10-03T04:45:13","date_gmt":"2025-10-03T04:45:13","guid":{"rendered":"https:\/\/objective-newton.194-164-163-13.plesk.page\/index.php\/home\/"},"modified":"2026-07-22T09:56:14","modified_gmt":"2026-07-22T09:56:14","slug":"inicio","status":"publish","type":"page","link":"https:\/\/praxiseichwiesen.ch\/es\/","title":{"rendered":"Inicio"},"content":{"rendered":"\n<div class=\"wp-block-uagb-container uagb-block-e72a85b0 alignfull uagb-is-root-container\"><div class=\"uagb-container-inner-blocks-wrap\">\n<div class=\"wp-block-uagb-container uagb-block-236dd28b alignfull uagb-is-root-container\"><div class=\"uagb-container-inner-blocks-wrap\">\n<h1 class=\"wp-block-heading has-ast-global-color-5-color has-text-color has-link-color wp-elements-1\" style=\"margin-top:0px;margin-bottom:0px\">Zahnarztpraxis Eichwiesen<\/h1>\n\n\n\n<h2 class=\"wp-block-heading has-ast-global-color-5-color has-text-color has-link-color wp-elements-2\" style=\"margin-top:0px;margin-bottom:0px\">Otra forma de hacer odontolog\u00eda<\/h2>\n\n\n\n<p class=\"has-ast-global-color-5-color has-text-color has-link-color wp-elements-3 wp-block-paragraph\" style=\"font-style:normal;font-weight:500\">Creemos en otra forma de hacer odontolog\u00eda: cercana, humana y profesional. Un espacio donde tu sonrisa es tan importante como tu bienestar, con la confianza de un equipo que te acompa\u00f1a en cada paso.<\/p>\n\n\n\n<div class=\"wp-block-uagb-buttons uagb-buttons__outer-wrap uagb-btn__default-btn uagb-btn-tablet__default-btn uagb-btn-mobile__default-btn uagb-block-9b99923b\"><div class=\"uagb-buttons__wrap uagb-buttons-layout-wrap \">\n<div class=\"wp-block-uagb-buttons-child uagb-buttons__outer-wrap uagb-block-5575f82a wp-block-button\"><div class=\"uagb-button__wrapper\"><a class=\"uagb-buttons-repeater wp-block-button__link\" aria-label=\"\" href=\"\/es\/contacto\" rel=\"follow noopener\" target=\"_self\" role=\"button\"><div class=\"uagb-button__link\">Pide Cita<\/div><\/a><\/div><\/div>\n<\/div><\/div>\n<\/div><\/div>\n\n\n\n<div class=\"wp-block-uagb-container uagb-block-fe8bb9b6 alignfull uagb-is-root-container\"><div class=\"uagb-container-inner-blocks-wrap\"><\/div><\/div>\n<\/div><\/div>\n\n\n\n<div class=\"wp-block-uagb-container uagb-block-1ca0cb35 alignfull uagb-is-root-container\"><div class=\"uagb-container-inner-blocks-wrap\">\n<div class=\"wp-block-uagb-container uagb-block-a0e4410b\">\n<figure class=\"wp-block-image size-large\"><img loading=\"lazy\" decoding=\"async\" width=\"1024\" height=\"640\" src=\"https:\/\/praxiseichwiesen.ch\/es\/wp-content\/uploads\/sites\/3\/2025\/10\/image@2x-1024x640.webp\" alt=\"Imagen del equipo\" class=\"wp-image-2805\"  title=\"Inicio\" srcset=\"https:\/\/praxiseichwiesen.ch\/es\/wp-content\/uploads\/sites\/3\/2025\/10\/image@2x-1024x640.webp 1024w, https:\/\/praxiseichwiesen.ch\/es\/wp-content\/uploads\/sites\/3\/2025\/10\/image@2x-300x187.webp 300w, https:\/\/praxiseichwiesen.ch\/es\/wp-content\/uploads\/sites\/3\/2025\/10\/image@2x-768x480.webp 768w, https:\/\/praxiseichwiesen.ch\/es\/wp-content\/uploads\/sites\/3\/2025\/10\/image@2x.webp 1508w\" sizes=\"auto, (max-width: 1024px) 100vw, 1024px\" \/><\/figure>\n<\/div>\n\n\n\n<div class=\"wp-block-uagb-container uagb-block-0296479b\">\n<div class=\"wp-block-uagb-advanced-heading uagb-block-fcfbb4e6\"><h2 class=\"uagb-heading-text\">Cuidamos tu sonrisa, cuidamos de tu salud dental.<\/h2><\/div>\n\n\n\n<div class=\"wp-block-uagb-advanced-heading uagb-block-334ceaae\"><h3 class=\"uagb-heading-text\">Una odontolog\u00eda cercana, profesional y respaldada por la mejor tecnolog\u00eda.<\/h3><\/div>\n\n\n\n<p class=\"wp-block-paragraph\">Nuestra misi\u00f3n es cuidar de tu sonrisa poniendo siempre a la persona en el centro. Creemos que la odontolog\u00eda debe ser una experiencia positiva, por eso unimos un trato humano y cercano con la profesionalidad de un equipo altamente especializado. Incorporamos la \u00faltima tecnolog\u00eda para garantizar diagn\u00f3sticos precisos y tratamientos seguros, logrando que cada visita sea una experiencia de confianza, bienestar y salud.<\/p>\n<\/div>\n<\/div><\/div>\n\n\n\n<div class=\"wp-block-uagb-container uagb-block-cbb21f18 alignfull uagb-is-root-container\"><div class=\"uagb-container-inner-blocks-wrap\">\n<div class=\"wp-block-uagb-container uagb-block-070a11da\">\n<div class=\"wp-block-uagb-advanced-heading uagb-block-6d68a01b\"><h2 class=\"uagb-heading-text\">Nuestros valores, tu confianza<\/h2><\/div>\n\n\n\n<p class=\"wp-block-paragraph\">Los principios que gu\u00edan cada decisi\u00f3n y cada tratamiento: cercan\u00eda, rigor, innovaci\u00f3n y bienestar para cuidar de ti y de tu sonrisa.<\/p>\n<\/div>\n\n\n\n<div class=\"wp-block-uagb-container uagb-block-b5307946\">\n<div class=\"wp-block-uagb-container uagb-block-c683e5bf\">\n<figure class=\"wp-block-image size-full\"><img loading=\"lazy\" decoding=\"async\" width=\"369\" height=\"194\" src=\"https:\/\/praxiseichwiesen.ch\/es\/wp-content\/uploads\/sites\/3\/2025\/10\/mask-group.webp\" alt=\"Personal sanitario y clienta charlando en un mostrador\" class=\"wp-image-2812\"  title=\"Inicio\" srcset=\"https:\/\/praxiseichwiesen.ch\/es\/wp-content\/uploads\/sites\/3\/2025\/10\/mask-group.webp 369w, https:\/\/praxiseichwiesen.ch\/es\/wp-content\/uploads\/sites\/3\/2025\/10\/mask-group-300x158.webp 300w\" sizes=\"auto, (max-width: 369px) 100vw, 369px\" \/><\/figure>\n\n\n\n<div class=\"wp-block-uagb-advanced-heading uagb-block-b927d9cb\"><h3 class=\"uagb-heading-text\">Cercan\u00eda y confianza<\/h3><\/div>\n\n\n\n<p class=\"wp-block-paragraph\">Creemos en la importancia de escuchar y acompa\u00f1ar a cada paciente. Nuestro trato cercano y humano crea un ambiente de confianza que convierte cada visita en una experiencia positiva.<\/p>\n<\/div>\n\n\n\n<div class=\"wp-block-uagb-container uagb-block-deb1fd83\">\n<figure class=\"wp-block-image size-full\"><img loading=\"lazy\" decoding=\"async\" width=\"369\" height=\"194\" src=\"https:\/\/praxiseichwiesen.ch\/es\/wp-content\/uploads\/sites\/3\/2025\/10\/rectangle-7.webp\" alt=\"Paciente sonriente\" class=\"wp-image-2815\"  title=\"Inicio\" srcset=\"https:\/\/praxiseichwiesen.ch\/es\/wp-content\/uploads\/sites\/3\/2025\/10\/rectangle-7.webp 369w, https:\/\/praxiseichwiesen.ch\/es\/wp-content\/uploads\/sites\/3\/2025\/10\/rectangle-7-300x158.webp 300w\" sizes=\"auto, (max-width: 369px) 100vw, 369px\" \/><\/figure>\n\n\n\n<div class=\"wp-block-uagb-advanced-heading uagb-block-26041727\"><h3 class=\"uagb-heading-text\">Bienestar integral del paciente<\/h3><\/div>\n\n\n\n<p class=\"wp-block-paragraph\">Nuestra visi\u00f3n va m\u00e1s all\u00e1 de la salud bucal: buscamos el equilibrio entre est\u00e9tica, funcionalidad y bienestar general, ofreciendo un cuidado que pone al paciente en el centro en todo momento.<\/p>\n<\/div>\n\n\n\n<div class=\"wp-block-uagb-container uagb-block-96f6185a\">\n<figure class=\"wp-block-image size-full\"><img loading=\"lazy\" decoding=\"async\" width=\"369\" height=\"194\" src=\"https:\/\/praxiseichwiesen.ch\/es\/wp-content\/uploads\/sites\/3\/2025\/10\/mask-group-1.webp\" alt=\"Luis Miranda trabajando en el gabinete \" class=\"wp-image-2813\"  title=\"Inicio\" srcset=\"https:\/\/praxiseichwiesen.ch\/es\/wp-content\/uploads\/sites\/3\/2025\/10\/mask-group-1.webp 369w, https:\/\/praxiseichwiesen.ch\/es\/wp-content\/uploads\/sites\/3\/2025\/10\/mask-group-1-300x158.webp 300w\" sizes=\"auto, (max-width: 369px) 100vw, 369px\" \/><\/figure>\n\n\n\n<div class=\"wp-block-uagb-advanced-heading uagb-block-117faa83\"><h3 class=\"uagb-heading-text\">Profesionalidad y rigor cl\u00ednico<\/h3><\/div>\n\n\n\n<p class=\"wp-block-paragraph\">Contamos con un equipo altamente cualificado que trabaja con la m\u00e1xima precisi\u00f3n y \u00e9tica profesional. Cada tratamiento est\u00e1 respaldado por la experiencia y el compromiso de ofrecer siempre lo mejor.<\/p>\n<\/div>\n\n\n\n<div class=\"wp-block-uagb-container uagb-block-f017ae65\">\n<figure class=\"wp-block-image size-full\"><img loading=\"lazy\" decoding=\"async\" width=\"369\" height=\"194\" src=\"https:\/\/praxiseichwiesen.ch\/es\/wp-content\/uploads\/sites\/3\/2025\/10\/rectangle-6.webp\" alt=\"Paciente en radiograf\u00eda \" class=\"wp-image-2814\"  title=\"Inicio\" srcset=\"https:\/\/praxiseichwiesen.ch\/es\/wp-content\/uploads\/sites\/3\/2025\/10\/rectangle-6.webp 369w, https:\/\/praxiseichwiesen.ch\/es\/wp-content\/uploads\/sites\/3\/2025\/10\/rectangle-6-300x158.webp 300w\" sizes=\"auto, (max-width: 369px) 100vw, 369px\" \/><\/figure>\n\n\n\n<div class=\"wp-block-uagb-advanced-heading uagb-block-be3466aa\"><h3 class=\"uagb-heading-text\">Innovaci\u00f3n responsable.<\/h3><\/div>\n\n\n\n<p class=\"wp-block-paragraph\">Apostamos por la tecnolog\u00eda m\u00e1s avanzada para lograr diagn\u00f3sticos m\u00e1s precisos y tratamientos menos invasivos, siempre con un uso responsable y enfocado en mejorar la calidad de vida de nuestros pacientes.<\/p>\n<\/div>\n<\/div>\n<\/div><\/div>\n\n\n\n<div class=\"wp-block-uagb-container uagb-block-5c51daad alignfull uagb-is-root-container\"><div class=\"uagb-container-inner-blocks-wrap\">\n<div class=\"wp-block-uagb-container uagb-block-59f5fd77\">\n<h2 class=\"wp-block-heading\">Servicios destacados<\/h2>\n\n\n\n<p class=\"wp-block-paragraph\">La base de una sonrisa sana est\u00e1 en la prevenci\u00f3n y la higiene. Por eso, nuestros servicios destacados comienzan con el cuidado fundamental de tu salud bucal, evitando problemas antes de que aparezcan. A partir de ah\u00ed, ofrecemos tratamientos especializados en est\u00e9tica, ortodoncia e implantolog\u00eda, siempre con la tecnolog\u00eda m\u00e1s avanzada y un equipo profesional que te acompa\u00f1a en cada etapa. Porque la mejor odontolog\u00eda es la que protege, cuida y potencia tu bienestar a largo plazo.<\/p>\n<\/div>\n\n\n\n<div class=\"wp-block-uagb-container uagb-block-8fac79a1\">\n<div class=\"wp-block-uagb-container uagb-block-119bdbc0\">\n<div class=\"wp-block-uagb-container uagb-block-6b0f2478\">\n<div class=\"wp-block-uagb-container uagb-block-e8646d95\">\n<h3 class=\"wp-block-heading has-ast-global-color-3-color has-text-color has-link-color wp-elements-4\" style=\"margin-top:0px;margin-bottom:0px\">CEREC<\/h3>\n<\/div>\n\n\n\n<div class=\"wp-block-uagb-container uagb-block-f77a8b20\">\n<figure class=\"wp-block-image size-large\"><img decoding=\"async\" src=\"https:\/\/praxiseichwiesen.ch\/wp-content\/uploads\/2026\/03\/cerec1.webp\" alt=\"cerec\"  title=\"Inicio\" \/><\/figure>\n<\/div>\n<\/div>\n\n\n\n<div class=\"wp-block-uagb-container icono-flotante uagb-block-6c59a314\">\n<p class=\"wp-block-paragraph\" style=\"margin-bottom:12px\">Tecnolog\u00eda avanzada de escaneo y dise\u00f1o digital para restauraciones dentales precisas, r\u00e1pidas y est\u00e9ticas en una sola sesi\u00f3n.<\/p>\n\n\n\n<div class=\"wp-block-buttons is-layout-flex wp-block-buttons-is-layout-flex\">\n<div class=\"wp-block-button\"><a class=\"wp-block-button__link wp-element-button\" href=\"https:\/\/praxiseichwiesen.ch\/es\/servicios\/\">Leer m\u00e1s<\/a><\/div>\n<\/div>\n<\/div>\n<\/div>\n\n\n\n<div class=\"wp-block-uagb-container uagb-block-0fe43826\">\n<div class=\"wp-block-uagb-container uagb-block-406abb84\">\n<div class=\"wp-block-uagb-container uagb-block-9c5d93e3\">\n<h3 class=\"wp-block-heading has-ast-global-color-3-color has-text-color has-link-color wp-elements-5\" style=\"margin-top:0px;margin-bottom:0px\">Implantolog\u00eda<\/h3>\n<\/div>\n\n\n\n<div class=\"wp-block-uagb-container uagb-block-5425bf6c\">\n<figure class=\"wp-block-image size-large\"><img decoding=\"async\" src=\"https:\/\/praxiseichwiesen.ch\/wp-content\/uploads\/2026\/03\/icono-implante1.webp\" alt=\"icono implante\"  title=\"Inicio\" \/><\/figure>\n<\/div>\n<\/div>\n\n\n\n<div class=\"wp-block-uagb-container icono-flotante uagb-block-237c6387\">\n<p class=\"wp-block-paragraph\" style=\"margin-bottom:12px\">Recupera la funci\u00f3n y est\u00e9tica dental con implantes de \u00faltima generaci\u00f3n, integrados de forma segura y duradera en tu sonrisa.<\/p>\n\n\n\n<div class=\"wp-block-buttons is-layout-flex wp-block-buttons-is-layout-flex\">\n<div class=\"wp-block-button\"><a class=\"wp-block-button__link wp-element-button\" href=\"\/leistungen\/\">Leer m\u00e1s<\/a><\/div>\n<\/div>\n<\/div>\n<\/div>\n\n\n\n<div class=\"wp-block-uagb-container uagb-block-d162e280\">\n<div class=\"wp-block-uagb-container uagb-block-89fb3adb\">\n<div class=\"wp-block-uagb-container uagb-block-282ef150\">\n<h3 class=\"wp-block-heading has-ast-global-color-3-color has-text-color has-link-color wp-elements-6\" style=\"margin-top:0px;margin-bottom:0px\">Odontolog\u00eda est\u00e9tica y reconstructiva<\/h3>\n<\/div>\n\n\n\n<div class=\"wp-block-uagb-container uagb-block-dafd86b3\">\n<figure class=\"wp-block-image size-large\"><img decoding=\"async\" src=\"https:\/\/praxiseichwiesen.ch\/wp-content\/uploads\/2026\/03\/icono-estetica1.webp\" alt=\"icono estetica\"  title=\"Inicio\" \/><\/figure>\n<\/div>\n<\/div>\n\n\n\n<div class=\"wp-block-uagb-container icono-flotante uagb-block-87d56426\">\n<p class=\"wp-block-paragraph\" style=\"margin-bottom:12px\">Tratamientos personalizados para restaurar y embellecer tu sonrisa, combinando t\u00e9cnicas modernas y materiales de alta calidad.<\/p>\n\n\n\n<div class=\"wp-block-buttons is-layout-flex wp-block-buttons-is-layout-flex\">\n<div class=\"wp-block-button\"><a class=\"wp-block-button__link wp-element-button\" href=\"\/leistungen\/\">Leer m\u00e1s<\/a><\/div>\n<\/div>\n<\/div>\n<\/div>\n<\/div>\n\n\n\n<div class=\"wp-block-uagb-container uagb-block-374fee77\">\n<div class=\"wp-block-uagb-container uagb-block-d0e79794\">\n<div class=\"wp-block-uagb-container uagb-block-2f2c0f8d\">\n<div class=\"wp-block-uagb-container uagb-block-57f91d44\">\n<h3 class=\"wp-block-heading has-ast-global-color-3-color has-text-color has-link-color wp-elements-7\" style=\"margin-top:0px;margin-bottom:0px\">Ortodoncia<\/h3>\n<\/div>\n\n\n\n<div class=\"wp-block-uagb-container uagb-block-e46848db\">\n<figure class=\"wp-block-image size-large\"><img decoding=\"async\" src=\"https:\/\/praxiseichwiesen.ch\/wp-content\/uploads\/2026\/03\/icono-4-1.webp\" alt=\"icono 4\"  title=\"Inicio\" \/><\/figure>\n<\/div>\n<\/div>\n\n\n\n<div class=\"wp-block-uagb-container icono-flotante uagb-block-cdb2a170\">\n<p class=\"wp-block-paragraph\" style=\"margin-bottom:12px\">Soluciones est\u00e9ticas y resistentes para reemplazar o reforzar piezas da\u00f1adas, devolviendo estabilidad, funcionalidad y belleza a tu boca.<\/p>\n\n\n\n<div class=\"wp-block-buttons is-layout-flex wp-block-buttons-is-layout-flex\">\n<div class=\"wp-block-button\"><a class=\"wp-block-button__link wp-element-button\" href=\"\/leistungen\/\">Leer m\u00e1s<\/a><\/div>\n<\/div>\n<\/div>\n<\/div>\n\n\n\n<div class=\"wp-block-uagb-container uagb-block-659a8419\">\n<div class=\"wp-block-uagb-container uagb-block-b0e52236\">\n<div class=\"wp-block-uagb-container uagb-block-f49df434\">\n<h3 class=\"wp-block-heading has-ast-global-color-3-color has-text-color has-link-color wp-elements-8\" style=\"margin-top:0px;margin-bottom:0px\">Profilaxis y prevenci\u00f3n<\/h3>\n<\/div>\n\n\n\n<div class=\"wp-block-uagb-container uagb-block-e262f42c\">\n<figure class=\"wp-block-image size-large\"><img decoding=\"async\" src=\"https:\/\/praxiseichwiesen.ch\/wp-content\/uploads\/2026\/03\/icono5-1.webp\" alt=\"icono 5\"  title=\"Inicio\" \/><\/figure>\n<\/div>\n<\/div>\n\n\n\n<div class=\"wp-block-uagb-container icono-flotante uagb-block-bb795128\">\n<p class=\"wp-block-paragraph\" style=\"margin-bottom:12px\">Cuidado profesional para mantener dientes y enc\u00edas sanos, evitando enfermedades bucales y garantizando una sonrisa duradera.<\/p>\n\n\n\n<div class=\"wp-block-buttons is-layout-flex wp-block-buttons-is-layout-flex\">\n<div class=\"wp-block-button\"><a class=\"wp-block-button__link wp-element-button\" href=\"\/leistungen\/\">Leer m\u00e1s<\/a><\/div>\n<\/div>\n<\/div>\n<\/div>\n\n\n\n<div class=\"wp-block-uagb-container uagb-block-ed671012\">\n<div class=\"wp-block-uagb-container uagb-block-2fa4536f\">\n<div class=\"wp-block-uagb-container uagb-block-fcb520cf\">\n<h3 class=\"wp-block-heading has-ast-global-color-3-color has-text-color has-link-color wp-elements-9\" style=\"margin-top:0px;margin-bottom:0px\">Conservaci\u00f3n dental<\/h3>\n<\/div>\n\n\n\n<div class=\"wp-block-uagb-container uagb-block-2bf5a28d\">\n<figure class=\"wp-block-image size-large\"><img decoding=\"async\" src=\"https:\/\/praxiseichwiesen.ch\/wp-content\/uploads\/2026\/03\/icono6-1.webp\" alt=\"icono 6\"  title=\"Inicio\" \/><\/figure>\n<\/div>\n<\/div>\n\n\n\n<div class=\"wp-block-uagb-container icono-flotante uagb-block-aabf9599\">\n<p class=\"wp-block-paragraph\" style=\"margin-bottom:12px\">Preservamos tus dientes naturales con tratamientos m\u00ednimamente invasivos, priorizando la salud y la longevidad de tu dentadura.<\/p>\n\n\n\n<div class=\"wp-block-buttons is-layout-flex wp-block-buttons-is-layout-flex\">\n<div class=\"wp-block-button\"><a class=\"wp-block-button__link wp-element-button\" href=\"\/leistungen\/\">Leer m\u00e1s<\/a><\/div>\n<\/div>\n<\/div>\n<\/div>\n<\/div>\n<\/div><\/div>\n\n\n\n<div class=\"wp-block-uagb-container uagb-block-1b21a381 alignfull uagb-is-root-container\"><div class=\"uagb-container-inner-blocks-wrap\">\n<div class=\"wp-block-uagb-container uagb-block-ff03e2dd\">\n<h2 class=\"wp-block-heading has-text-align-center\">Nuestras rese\u00f1as de Google<\/h2>\n<\/div>\n\n\n\n<div class=\"wp-block-uagb-container uagb-block-a61feb1f\">\n<div class=\"wp-block-uagb-container uagb-block-4fad51ac\">\n<div class=\"wp-block-columns is-layout-flex wp-container-core-columns-is-layout-7387b849 wp-block-columns-is-layout-flex\">\n<div class=\"wp-block-column is-layout-flow wp-block-column-is-layout-flow\">\n<div class=\"wp-block-columns is-layout-flex wp-container-core-columns-is-layout-7387b849 wp-block-columns-is-layout-flex\">\n<div class=\"wp-block-column is-layout-flow wp-block-column-is-layout-flow\" style=\"flex-basis:20%\">\n<div class=\"wp-block-columns is-layout-flex wp-container-core-columns-is-layout-7387b849 wp-block-columns-is-layout-flex\">\n<div class=\"wp-block-column is-layout-flow wp-block-column-is-layout-flow\">\n<div class=\"wp-block-uagb-separator uagb-block-6589f620\"><div class=\"uagb-separator-spacing-wrapper\"><div class=\"wp-block-uagb-separator__inner\" style=\"--my-background-image:\"><\/div><\/div><\/div>\n\n\n\n<div class=\"wp-block-uagb-container uagb-block-522748c8\">\n<div class=\"wp-block-uagb-image aligncenter uagb-block-19f23def wp-block-uagb-image--layout-default wp-block-uagb-image--effect-zoomin wp-block-uagb-image--align-center\"><figure class=\"wp-block-uagb-image__figure\"><a class=\"\" href=\"https:\/\/www.google.com\/search?q=Praxis+Eichwiesen+Zahnarztpraxis+und+Dentalhygiene+F%C3%A4llanden#lkt=LocalPoiReviews\" target=\"_blank\" rel=\"ZahnarztPraxis\"><img decoding=\"async\" src=\"https:\/\/praxiseichwiesen.ch\/es\/wp-content\/uploads\/sites\/3\/2026\/07\/Praxis-Eichwiesen-Zahnarztpraxis-und-Dentalhygiene-Mitglied-SSO-1024x1024.jpg\" alt=\"praxis eichwiesen, zahnarztpraxis und dentalhygiene, mitglied sso\" class=\"uag-image-3196\" width=\"1024\" height=\"1024\" title=\"praxis eichwiesen, zahnarztpraxis und dentalhygiene, mitglied sso\" loading=\"lazy\" role=\"img\" \/><\/a><\/figure><\/div>\n<\/div>\n<\/div>\n<\/div>\n<\/div>\n\n\n\n<div class=\"wp-block-column is-layout-flow wp-block-column-is-layout-flow\" style=\"flex-basis:80%\">\n<div class=\"wp-block-uagb-slider uagb-block-a3e9ad40 uagb-slider-container\"><div class=\"uagb-slides uagb-swiper\"><div class=\"swiper-wrapper\">\n<div class=\"wp-block-uagb-slider-child uagb-slider-child-wrap swiper-slide uagb-block-8a4ddbf5\"><div class=\"swiper-content\">\n<div class=\"wp-block-uagb-container uagb-block-5ee3a021\">\n<div class=\"wp-block-columns is-layout-flex wp-container-core-columns-is-layout-7387b849 wp-block-columns-is-layout-flex\">\n<div class=\"wp-block-column is-layout-flow wp-block-column-is-layout-flow\" style=\"flex-basis:33.34%\">\n<div class=\"wp-block-uagb-info-box uagb-block-56900a55 uagb-infobox__content-wrap  uagb-infobox-icon-above-title uagb-infobox-image-valign-top\"><div class=\"uagb-ifb-content\"><div class=\"uagb-ifb-image-content\"><img decoding=\"async\" src=\"https:\/\/praxiseichwiesen.ch\/wp-content\/uploads\/2026\/03\/1-1.jpg\" alt=\"1\" width=\"\" height=\"0\" loading=\"lazy\"  title=\"Inicio\" \/><\/div><div class=\"uagb-ifb-title-wrap\"><\/div><p class=\"uagb-ifb-desc\">Ha sido una muy buena experiencia. No me gusta ir al dentista, pero esta vez me he sentido realmente c\u00f3modo. Todo el personal es muy atento, las instalaciones est\u00e1n impecables y el ambiente transmite mucha tranquilidad. Son grandes profesionales y se nota que saben perfectamente lo que hacen. Sin duda, los recomiendo.<\/p><div class=\"uagb-ifb-button-wrapper wp-block-button\"><a href=\"https:\/\/www.google.com\/search?sca_esv=55f891fa6085deac&amp;hl=es&amp;authuser=0&amp;sxsrf=ANbL-n526wpLYXYufvi0-0tEPfwMFMmGdg:1773309788004&amp;q=Praxis+Eichwiesen,+Zahnarztpraxis+und+Dentalhygiene,+Mitglied+SSO&amp;si=AL3DRZHrmvnFAVQPOO2Bzhf8AX9KZZ6raUI_dT7DG_z0kV2_x2MoYzaIwqQVcHtYTw88jl2LCYU-Aobt_D6vtFUBoNuN1J_FNk9jmDExhm2tYtQMhPx4YD0%3D&amp;uds=ALYpb_kdEKNW-q0v6mQkf18KhRseh1niLhsMupskAFjny5zMhcevi9RQ_FM3RNoKIFBCFSQNqpG-eogkibdXR9gjvT9nS9g8R3FEPIjpraUqE-bF7KH_6SE3tMYxyrk_N5SbM13Lv2ILRpTeNI9QvQF3H3ViyIdUslME8fkNV5c5gbudHaz5m5U&amp;sa=X&amp;ved=2ahUKEwjdlPbfjZqTAxWJTaQEHcDVHKMQ3PALegQIGhAE&amp;biw=1536&amp;bih=730&amp;dpr=1\" class=\"uagb-infobox-cta-link wp-block-button__link\" target=\"_blank\" rel=\"noopener noreferrer\"><span class=\"uagb-inline-editing\">M\u00e1s informaci\u00f3n <\/span><\/a><\/div><\/div><\/div>\n<\/div>\n\n\n\n<div class=\"wp-block-column is-layout-flow wp-block-column-is-layout-flow\" style=\"flex-basis:33.34%\">\n<div class=\"wp-block-uagb-info-box uagb-block-c5cee833 uagb-infobox__content-wrap  uagb-infobox-icon-above-title uagb-infobox-image-valign-top\"><div class=\"uagb-ifb-content\"><div class=\"uagb-ifb-image-content\"><img decoding=\"async\" src=\"https:\/\/praxiseichwiesen.ch\/wp-content\/uploads\/2026\/03\/2-1.jpg\" alt=\"2\" width=\"\" height=\"0\" loading=\"lazy\"  title=\"Inicio\" \/><\/div><div class=\"uagb-ifb-title-wrap\"><\/div><p class=\"uagb-ifb-desc\">\u00a1Una cl\u00ednica excelente! Desde la recepci\u00f3n hasta el final de la visita, la atenci\u00f3n es impecable. Todo el equipo es excepcionalmente amable. La limpieza dental fue muy c\u00f3moda y se realiz\u00f3 con gran cuidado, delicadeza y profesionalidad.<\/p><div class=\"uagb-ifb-button-wrapper wp-block-button\"><a href=\"https:\/\/www.google.com\/search?sca_esv=55f891fa6085deac&amp;hl=es&amp;authuser=0&amp;sxsrf=ANbL-n526wpLYXYufvi0-0tEPfwMFMmGdg:1773309788004&amp;q=Praxis+Eichwiesen,+Zahnarztpraxis+und+Dentalhygiene,+Mitglied+SSO&amp;si=AL3DRZHrmvnFAVQPOO2Bzhf8AX9KZZ6raUI_dT7DG_z0kV2_x2MoYzaIwqQVcHtYTw88jl2LCYU-Aobt_D6vtFUBoNuN1J_FNk9jmDExhm2tYtQMhPx4YD0%3D&amp;uds=ALYpb_kdEKNW-q0v6mQkf18KhRseh1niLhsMupskAFjny5zMhcevi9RQ_FM3RNoKIFBCFSQNqpG-eogkibdXR9gjvT9nS9g8R3FEPIjpraUqE-bF7KH_6SE3tMYxyrk_N5SbM13Lv2ILRpTeNI9QvQF3H3ViyIdUslME8fkNV5c5gbudHaz5m5U&amp;sa=X&amp;ved=2ahUKEwjdlPbfjZqTAxWJTaQEHcDVHKMQ3PALegQIGhAE&amp;biw=1536&amp;bih=730&amp;dpr=1\" class=\"uagb-infobox-cta-link wp-block-button__link\" target=\"_blank\" rel=\"noopener noreferrer\"><span class=\"uagb-inline-editing\">M\u00e1s informaci\u00f3n <\/span><\/a><\/div><\/div><\/div>\n<\/div>\n\n\n\n<div class=\"wp-block-column is-layout-flow wp-block-column-is-layout-flow\" style=\"flex-basis:33.33%\">\n<div class=\"wp-block-group is-nowrap is-layout-flex wp-container-core-group-is-layout-7387b849 wp-block-group-is-layout-flex\">\n<div class=\"wp-block-uagb-info-box uagb-block-9ab69593 uagb-infobox__content-wrap  uagb-infobox-icon-above-title uagb-infobox-image-valign-top\"><div class=\"uagb-ifb-content\"><div class=\"uagb-ifb-image-content\"><img decoding=\"async\" src=\"https:\/\/praxiseichwiesen.ch\/wp-content\/uploads\/2026\/03\/3-1.jpg\" alt=\"3\" width=\"\" height=\"0\" loading=\"lazy\"  title=\"Inicio\" \/><\/div><div class=\"uagb-ifb-title-wrap\"><\/div><p class=\"uagb-ifb-desc\">Desde la c\u00e1lida y profesional bienvenida de la Sra. Dzaferi hasta la limpieza dental m\u00e1s minuciosa y cuidadosa que he recibido, realizada por la Sra. K\u00f6\u00e7er, toda la experiencia fue simplemente excepcional.<\/p><div class=\"uagb-ifb-button-wrapper wp-block-button\"><a href=\"https:\/\/www.google.com\/search?sca_esv=55f891fa6085deac&amp;hl=es&amp;authuser=0&amp;sxsrf=ANbL-n526wpLYXYufvi0-0tEPfwMFMmGdg:1773309788004&amp;q=Praxis+Eichwiesen,+Zahnarztpraxis+und+Dentalhygiene,+Mitglied+SSO&amp;si=AL3DRZHrmvnFAVQPOO2Bzhf8AX9KZZ6raUI_dT7DG_z0kV2_x2MoYzaIwqQVcHtYTw88jl2LCYU-Aobt_D6vtFUBoNuN1J_FNk9jmDExhm2tYtQMhPx4YD0%3D&amp;uds=ALYpb_kdEKNW-q0v6mQkf18KhRseh1niLhsMupskAFjny5zMhcevi9RQ_FM3RNoKIFBCFSQNqpG-eogkibdXR9gjvT9nS9g8R3FEPIjpraUqE-bF7KH_6SE3tMYxyrk_N5SbM13Lv2ILRpTeNI9QvQF3H3ViyIdUslME8fkNV5c5gbudHaz5m5U&amp;sa=X&amp;ved=2ahUKEwjdlPbfjZqTAxWJTaQEHcDVHKMQ3PALegQIGhAE&amp;biw=1536&amp;bih=730&amp;dpr=1\" class=\"uagb-infobox-cta-link wp-block-button__link\" target=\"_blank\" rel=\"noopener noreferrer\"><span class=\"uagb-inline-editing\">M\u00e1s informaci\u00f3n <\/span><\/a><\/div><\/div><\/div>\n<\/div>\n<\/div>\n<\/div>\n<\/div>\n<\/div><\/div>\n\n\n\n<div class=\"wp-block-uagb-slider-child uagb-slider-child-wrap swiper-slide uagb-block-dd4ee92e\"><div class=\"swiper-content\">\n<div class=\"wp-block-uagb-container uagb-block-91d71728\">\n<div class=\"wp-block-columns is-layout-flex wp-container-core-columns-is-layout-7387b849 wp-block-columns-is-layout-flex\">\n<div class=\"wp-block-column is-layout-flow wp-block-column-is-layout-flow\" style=\"flex-basis:33.34%\">\n<div class=\"wp-block-uagb-info-box uagb-block-5e6e44c4 uagb-infobox__content-wrap  uagb-infobox-icon-above-title uagb-infobox-image-valign-top\"><div class=\"uagb-ifb-content\"><div class=\"uagb-ifb-image-content\"><img decoding=\"async\" src=\"https:\/\/praxiseichwiesen.ch\/wp-content\/uploads\/2026\/03\/4-1.jpg\" alt=\"4\" width=\"\" height=\"0\" loading=\"lazy\"  title=\"Inicio\" \/><\/div><div class=\"uagb-ifb-title-wrap\"><\/div><p class=\"uagb-ifb-desc\">Fui a esta cl\u00ednica dental para hacerme una limpieza y, sinceramente, ha sido la mejor que me han hecho. El trabajo fue incre\u00edblemente minucioso, eliminaron por completo el sarro y, para mi sorpresa, no sent\u00ed ning\u00fan dolor durante el tratamiento.<\/p><div class=\"uagb-ifb-button-wrapper wp-block-button\"><a href=\"https:\/\/www.google.com\/search?sca_esv=55f891fa6085deac&amp;hl=es&amp;authuser=0&amp;sxsrf=ANbL-n526wpLYXYufvi0-0tEPfwMFMmGdg:1773309788004&amp;q=Praxis+Eichwiesen,+Zahnarztpraxis+und+Dentalhygiene,+Mitglied+SSO&amp;si=AL3DRZHrmvnFAVQPOO2Bzhf8AX9KZZ6raUI_dT7DG_z0kV2_x2MoYzaIwqQVcHtYTw88jl2LCYU-Aobt_D6vtFUBoNuN1J_FNk9jmDExhm2tYtQMhPx4YD0%3D&amp;uds=ALYpb_kdEKNW-q0v6mQkf18KhRseh1niLhsMupskAFjny5zMhcevi9RQ_FM3RNoKIFBCFSQNqpG-eogkibdXR9gjvT9nS9g8R3FEPIjpraUqE-bF7KH_6SE3tMYxyrk_N5SbM13Lv2ILRpTeNI9QvQF3H3ViyIdUslME8fkNV5c5gbudHaz5m5U&amp;sa=X&amp;ved=2ahUKEwjdlPbfjZqTAxWJTaQEHcDVHKMQ3PALegQIGhAE&amp;biw=1536&amp;bih=730&amp;dpr=1\" class=\"uagb-infobox-cta-link wp-block-button__link\" target=\"_blank\" rel=\"noopener noreferrer\"><span class=\"uagb-inline-editing\">M\u00e1s informaci\u00f3n <\/span><\/a><\/div><\/div><\/div>\n<\/div>\n\n\n\n<div class=\"wp-block-column is-layout-flow wp-block-column-is-layout-flow\" style=\"flex-basis:33.34%\">\n<div class=\"wp-block-uagb-info-box uagb-block-de5f8826 uagb-infobox__content-wrap  uagb-infobox-icon-above-title uagb-infobox-image-valign-top\"><div class=\"uagb-ifb-content\"><div class=\"uagb-ifb-image-content\"><img decoding=\"async\" src=\"https:\/\/praxiseichwiesen.ch\/wp-content\/uploads\/2026\/03\/5-1.jpg\" alt=\"5\" width=\"\" height=\"0\" loading=\"lazy\"  title=\"Inicio\" \/><\/div><div class=\"uagb-ifb-title-wrap\"><\/div><p class=\"uagb-ifb-desc\">Fui a Praxis Eichwiesen para realizarme una limpieza dental. La atenci\u00f3n fue de primera, muy profesional, y tengo que decir que ha sido la limpieza m\u00e1s completa que me han hecho. La recomiendo al 100 %.<\/p><div class=\"uagb-ifb-button-wrapper wp-block-button\"><a href=\"https:\/\/www.google.com\/search?sca_esv=55f891fa6085deac&amp;hl=es&amp;authuser=0&amp;sxsrf=ANbL-n526wpLYXYufvi0-0tEPfwMFMmGdg:1773309788004&amp;q=Praxis+Eichwiesen,+Zahnarztpraxis+und+Dentalhygiene,+Mitglied+SSO&amp;si=AL3DRZHrmvnFAVQPOO2Bzhf8AX9KZZ6raUI_dT7DG_z0kV2_x2MoYzaIwqQVcHtYTw88jl2LCYU-Aobt_D6vtFUBoNuN1J_FNk9jmDExhm2tYtQMhPx4YD0%3D&amp;uds=ALYpb_kdEKNW-q0v6mQkf18KhRseh1niLhsMupskAFjny5zMhcevi9RQ_FM3RNoKIFBCFSQNqpG-eogkibdXR9gjvT9nS9g8R3FEPIjpraUqE-bF7KH_6SE3tMYxyrk_N5SbM13Lv2ILRpTeNI9QvQF3H3ViyIdUslME8fkNV5c5gbudHaz5m5U&amp;sa=X&amp;ved=2ahUKEwjdlPbfjZqTAxWJTaQEHcDVHKMQ3PALegQIGhAE&amp;biw=1536&amp;bih=730&amp;dpr=1\" class=\"uagb-infobox-cta-link wp-block-button__link\" target=\"_blank\" rel=\"noopener noreferrer\"><span class=\"uagb-inline-editing\">M\u00e1s informaci\u00f3n<\/span><\/a><\/div><\/div><\/div>\n<\/div>\n\n\n\n<div class=\"wp-block-column is-layout-flow wp-block-column-is-layout-flow\" style=\"flex-basis:33.33%\">\n<div class=\"wp-block-group is-nowrap is-layout-flex wp-container-core-group-is-layout-7387b849 wp-block-group-is-layout-flex\">\n<div class=\"wp-block-uagb-info-box uagb-block-9cf5fc71 uagb-infobox__content-wrap  uagb-infobox-icon-above-title uagb-infobox-image-valign-top\"><div class=\"uagb-ifb-content\"><div class=\"uagb-ifb-image-content\"><img decoding=\"async\" src=\"https:\/\/praxiseichwiesen.ch\/wp-content\/uploads\/2026\/03\/6-1.jpg\" alt=\"6\" width=\"\" height=\"0\" loading=\"lazy\"  title=\"Inicio\" \/><\/div><div class=\"uagb-ifb-title-wrap\"><\/div><p class=\"uagb-ifb-desc\">Visit\u00e9 Praxis Eichwiesen para hacerme una limpieza dental. La atenci\u00f3n fue de primera categor\u00eda, con un trato muy profesional, y tengo que decir que ha sido la limpieza m\u00e1s completa que me han realizado. La recomiendo al 100 %.<br><\/p><div class=\"uagb-ifb-button-wrapper wp-block-button\"><a href=\"https:\/\/www.google.com\/search?sca_esv=55f891fa6085deac&amp;hl=es&amp;authuser=0&amp;sxsrf=ANbL-n526wpLYXYufvi0-0tEPfwMFMmGdg:1773309788004&amp;q=Praxis+Eichwiesen,+Zahnarztpraxis+und+Dentalhygiene,+Mitglied+SSO&amp;si=AL3DRZHrmvnFAVQPOO2Bzhf8AX9KZZ6raUI_dT7DG_z0kV2_x2MoYzaIwqQVcHtYTw88jl2LCYU-Aobt_D6vtFUBoNuN1J_FNk9jmDExhm2tYtQMhPx4YD0%3D&amp;uds=ALYpb_kdEKNW-q0v6mQkf18KhRseh1niLhsMupskAFjny5zMhcevi9RQ_FM3RNoKIFBCFSQNqpG-eogkibdXR9gjvT9nS9g8R3FEPIjpraUqE-bF7KH_6SE3tMYxyrk_N5SbM13Lv2ILRpTeNI9QvQF3H3ViyIdUslME8fkNV5c5gbudHaz5m5U&amp;sa=X&amp;ved=2ahUKEwjdlPbfjZqTAxWJTaQEHcDVHKMQ3PALegQIGhAE&amp;biw=1536&amp;bih=730&amp;dpr=1\" class=\"uagb-infobox-cta-link wp-block-button__link\" target=\"_blank\" rel=\"noopener noreferrer\"><span class=\"uagb-inline-editing\">M\u00e1s informaci\u00f3n <\/span><\/a><\/div><\/div><\/div>\n<\/div>\n<\/div>\n<\/div>\n<\/div>\n<\/div><\/div>\n\n\n\n<div class=\"wp-block-uagb-slider-child uagb-slider-child-wrap swiper-slide uagb-block-a7aaf263\"><div class=\"swiper-content\">\n<div class=\"wp-block-uagb-container uagb-block-9711f75a\">\n<div class=\"wp-block-columns is-layout-flex wp-container-core-columns-is-layout-7387b849 wp-block-columns-is-layout-flex\">\n<div class=\"wp-block-column is-layout-flow wp-block-column-is-layout-flow\" style=\"flex-basis:33.34%\">\n<div class=\"wp-block-uagb-info-box uagb-block-66cdec22 uagb-infobox__content-wrap  uagb-infobox-icon-above-title uagb-infobox-image-valign-top\"><div class=\"uagb-ifb-content\"><div class=\"uagb-ifb-image-content\"><img decoding=\"async\" src=\"https:\/\/praxiseichwiesen.ch\/wp-content\/uploads\/2026\/03\/LAST-google-resena-Bea-1.jpg\" alt=\"last google rese\u00f1a bea (1)\" width=\"\" height=\"0\" loading=\"lazy\"  title=\"Inicio\" \/><\/div><div class=\"uagb-ifb-title-wrap\"><\/div><p class=\"uagb-ifb-desc\">Mi nuevo dentista de confianza. Precios muy razonables y una profesionalidad excepcional. Todo el equipo es atento, amable y cercano. Los recomiendo sin ninguna duda.<\/p><div class=\"uagb-ifb-button-wrapper wp-block-button\"><a href=\"https:\/\/www.google.com\/search?sca_esv=55f891fa6085deac&amp;hl=es&amp;authuser=0&amp;sxsrf=ANbL-n526wpLYXYufvi0-0tEPfwMFMmGdg:1773309788004&amp;q=Praxis+Eichwiesen,+Zahnarztpraxis+und+Dentalhygiene,+Mitglied+SSO&amp;si=AL3DRZHrmvnFAVQPOO2Bzhf8AX9KZZ6raUI_dT7DG_z0kV2_x2MoYzaIwqQVcHtYTw88jl2LCYU-Aobt_D6vtFUBoNuN1J_FNk9jmDExhm2tYtQMhPx4YD0%3D&amp;uds=ALYpb_kdEKNW-q0v6mQkf18KhRseh1niLhsMupskAFjny5zMhcevi9RQ_FM3RNoKIFBCFSQNqpG-eogkibdXR9gjvT9nS9g8R3FEPIjpraUqE-bF7KH_6SE3tMYxyrk_N5SbM13Lv2ILRpTeNI9QvQF3H3ViyIdUslME8fkNV5c5gbudHaz5m5U&amp;sa=X&amp;ved=2ahUKEwjdlPbfjZqTAxWJTaQEHcDVHKMQ3PALegQIGhAE&amp;biw=1536&amp;bih=730&amp;dpr=1\" class=\"uagb-infobox-cta-link wp-block-button__link\" target=\"_blank\" rel=\"noopener noreferrer\"><span class=\"uagb-inline-editing\">M\u00e1s informaci\u00f3n <\/span><\/a><\/div><\/div><\/div>\n<\/div>\n\n\n\n<div class=\"wp-block-column is-layout-flow wp-block-column-is-layout-flow\" style=\"flex-basis:33.34%\"><\/div>\n\n\n\n<div class=\"wp-block-column is-layout-flow wp-block-column-is-layout-flow\" style=\"flex-basis:33.33%\">\n<div class=\"wp-block-group is-nowrap is-layout-flex wp-container-core-group-is-layout-7387b849 wp-block-group-is-layout-flex\"><\/div>\n<\/div>\n<\/div>\n<\/div>\n<\/div><\/div>\n<\/div><\/div><div class=\"swiper-pagination\"><\/div><div class=\"swiper-button-prev\"><\/div><div class=\"swiper-button-next\"><\/div><\/div>\n<\/div>\n<\/div>\n<\/div>\n<\/div>\n<\/div>\n<\/div>\n<\/div><\/div>\n\n\n\n<div class=\"wp-block-uagb-container uagb-block-9671c089 alignfull uagb-is-root-container\"><div class=\"uagb-container-inner-blocks-wrap\">\n<h2 class=\"wp-block-heading has-text-align-center\">Reserva tu primera cita y descubre otra<br>forma de vivir tu odontolog\u00eda.<\/h2>\n\n\n\n<div class=\"wp-block-uagb-buttons uagb-buttons__outer-wrap uagb-btn__default-btn uagb-btn-tablet__default-btn uagb-btn-mobile__default-btn uagb-block-84d86caa\"><div class=\"uagb-buttons__wrap uagb-buttons-layout-wrap \">\n<div class=\"wp-block-uagb-buttons-child uagb-buttons__outer-wrap uagb-block-05b66f74 wp-block-button\"><div class=\"uagb-button__wrapper\"><a class=\"uagb-buttons-repeater wp-block-button__link\" aria-label=\"\" href=\"\/es\/contacto\" rel=\"follow noopener\" target=\"_self\" role=\"button\"><div class=\"uagb-button__link\">Pide Cita<\/div><\/a><\/div><\/div>\n<\/div><\/div>\n<\/div><\/div>\n\n\n\n<div class=\"wp-block-uagb-separator uagb-block-7c592a97\"><div class=\"uagb-separator-spacing-wrapper\"><div class=\"wp-block-uagb-separator__inner\" style=\"--my-background-image:\"><\/div><\/div><\/div>\n\n\n\n<div class=\"wp-block-uagb-advanced-heading uagb-block-3b2d00f7\"><h2 class=\"uagb-heading-text\">Preguntas frecuentes (FAQ)<\/h2><\/div>\n\n\n<div class=\"wp-block-uagb-faq uagb-faq__outer-wrap uagb-block-ad61df96 uagb-faq-icon-row uagb-faq-layout-accordion uagb-faq-expand-first-true uagb-faq-inactive-other-true uagb-faq__wrap uagb-buttons-layout-wrap uagb-faq-equal-height     \" data-faqtoggle=\"true\" role=\"tablist\"><div class=\"wp-block-uagb-faq-child uagb-faq-child__outer-wrap uagb-faq-item uagb-block-072f3046 \" role=\"tab\" tabindex=\"0\"><div class=\"uagb-faq-questions-button uagb-faq-questions\">\t\t\t<span class=\"uagb-icon uagb-faq-icon-wrap\">\n\t\t\t\t\t\t\t\t<svg xmlns=\"https:\/\/www.w3.org\/2000\/svg\" viewBox= \"0 0 448 512\"><path d=\"M432 256c0 17.69-14.33 32.01-32 32.01H256v144c0 17.69-14.33 31.99-32 31.99s-32-14.3-32-31.99v-144H48c-17.67 0-32-14.32-32-32.01s14.33-31.99 32-31.99H192v-144c0-17.69 14.33-32.01 32-32.01s32 14.32 32 32.01v144h144C417.7 224 432 238.3 432 256z\"><\/path><\/svg>\n\t\t\t\t\t\t\t<\/span>\n\t\t\t\t\t\t<span class=\"uagb-icon-active uagb-faq-icon-wrap\">\n\t\t\t\t\t\t\t\t<svg xmlns=\"https:\/\/www.w3.org\/2000\/svg\" viewBox= \"0 0 448 512\"><path d=\"M400 288h-352c-17.69 0-32-14.32-32-32.01s14.31-31.99 32-31.99h352c17.69 0 32 14.3 32 31.99S417.7 288 400 288z\"><\/path><\/svg>\n\t\t\t\t\t\t\t<\/span>\n\t\t\t<span class=\"uagb-question\">\u00bfCon qu\u00e9 frecuencia debo acudir a una revisi\u00f3n dental?<\/span><\/div><div class=\"uagb-faq-content\"><p>Las revisiones dentales peri\u00f3dicas ayudan a detectar caries, enfermedades de las enc\u00edas y otros problemas de salud bucodental en una fase temprana. En la mayor\u00eda de los casos recomendamos una revisi\u00f3n cada seis meses. Dependiendo de su salud dental, puede ser aconsejable un intervalo diferente. La prevenci\u00f3n regular ayuda a evitar tratamientos m\u00e1s complejos en el futuro.<br><\/p><\/div><\/div><div class=\"wp-block-uagb-faq-child uagb-faq-child__outer-wrap uagb-faq-item uagb-block-6ddf5c19 \" role=\"tab\" tabindex=\"0\"><div class=\"uagb-faq-questions-button uagb-faq-questions\">\t\t\t<span class=\"uagb-icon uagb-faq-icon-wrap\">\n\t\t\t\t\t\t\t\t<svg xmlns=\"https:\/\/www.w3.org\/2000\/svg\" viewBox= \"0 0 448 512\"><path d=\"M432 256c0 17.69-14.33 32.01-32 32.01H256v144c0 17.69-14.33 31.99-32 31.99s-32-14.3-32-31.99v-144H48c-17.67 0-32-14.32-32-32.01s14.33-31.99 32-31.99H192v-144c0-17.69 14.33-32.01 32-32.01s32 14.32 32 32.01v144h144C417.7 224 432 238.3 432 256z\"><\/path><\/svg>\n\t\t\t\t\t\t\t<\/span>\n\t\t\t\t\t\t<span class=\"uagb-icon-active uagb-faq-icon-wrap\">\n\t\t\t\t\t\t\t\t<svg xmlns=\"https:\/\/www.w3.org\/2000\/svg\" viewBox= \"0 0 448 512\"><path d=\"M400 288h-352c-17.69 0-32-14.32-32-32.01s14.31-31.99 32-31.99h352c17.69 0 32 14.3 32 31.99S417.7 288 400 288z\"><\/path><\/svg>\n\t\t\t\t\t\t\t<\/span>\n\t\t\t<span class=\"uagb-question\">\u00bfCon qu\u00e9 frecuencia necesito una higiene dental profesional?<\/span><\/div><div class=\"uagb-faq-content\"><p>Para la mayor\u00eda de los adultos se recomienda realizar una higiene dental profesional cada seis meses. Si tiene enc\u00edas sensibles, implantes o enfermedad periodontal, pueden ser aconsejables visitas m\u00e1s frecuentes. La higiene dental elimina la placa y el sarro acumulados, ayudando a mantener sus dientes y enc\u00edas sanos a largo plazo.<\/p><\/div><\/div><div class=\"wp-block-uagb-faq-child uagb-faq-child__outer-wrap uagb-faq-item uagb-block-a9fd47e1 \" role=\"tab\" tabindex=\"0\"><div class=\"uagb-faq-questions-button uagb-faq-questions\">\t\t\t<span class=\"uagb-icon uagb-faq-icon-wrap\">\n\t\t\t\t\t\t\t\t<svg xmlns=\"https:\/\/www.w3.org\/2000\/svg\" viewBox= \"0 0 448 512\"><path d=\"M432 256c0 17.69-14.33 32.01-32 32.01H256v144c0 17.69-14.33 31.99-32 31.99s-32-14.3-32-31.99v-144H48c-17.67 0-32-14.32-32-32.01s14.33-31.99 32-31.99H192v-144c0-17.69 14.33-32.01 32-32.01s32 14.32 32 32.01v144h144C417.7 224 432 238.3 432 256z\"><\/path><\/svg>\n\t\t\t\t\t\t\t<\/span>\n\t\t\t\t\t\t<span class=\"uagb-icon-active uagb-faq-icon-wrap\">\n\t\t\t\t\t\t\t\t<svg xmlns=\"https:\/\/www.w3.org\/2000\/svg\" viewBox= \"0 0 448 512\"><path d=\"M400 288h-352c-17.69 0-32-14.32-32-32.01s14.31-31.99 32-31.99h352c17.69 0 32 14.3 32 31.99S417.7 288 400 288z\"><\/path><\/svg>\n\t\t\t\t\t\t\t<\/span>\n\t\t\t<span class=\"uagb-question\">\u00bfCu\u00e1ndo necesito un implante dental?<\/span><\/div><div class=\"uagb-faq-content\"><p>Un implante dental es una soluci\u00f3n moderna cuando falta un diente o ya no puede conservarse. Sustituye la ra\u00edz natural del diente y proporciona una base estable para colocar una corona. Los implantes ofrecen una sensaci\u00f3n muy natural y, con los cuidados adecuados, pueden durar muchos a\u00f1os o incluso d\u00e9cadas.<\/p><\/div><\/div><div class=\"wp-block-uagb-faq-child uagb-faq-child__outer-wrap uagb-faq-item uagb-block-6323cd76 \" role=\"tab\" tabindex=\"0\"><div class=\"uagb-faq-questions-button uagb-faq-questions\">\t\t\t<span class=\"uagb-icon uagb-faq-icon-wrap\">\n\t\t\t\t\t\t\t\t<svg xmlns=\"https:\/\/www.w3.org\/2000\/svg\" viewBox= \"0 0 448 512\"><path d=\"M432 256c0 17.69-14.33 32.01-32 32.01H256v144c0 17.69-14.33 31.99-32 31.99s-32-14.3-32-31.99v-144H48c-17.67 0-32-14.32-32-32.01s14.33-31.99 32-31.99H192v-144c0-17.69 14.33-32.01 32-32.01s32 14.32 32 32.01v144h144C417.7 224 432 238.3 432 256z\"><\/path><\/svg>\n\t\t\t\t\t\t\t<\/span>\n\t\t\t\t\t\t<span class=\"uagb-icon-active uagb-faq-icon-wrap\">\n\t\t\t\t\t\t\t\t<svg xmlns=\"https:\/\/www.w3.org\/2000\/svg\" viewBox= \"0 0 448 512\"><path d=\"M400 288h-352c-17.69 0-32-14.32-32-32.01s14.31-31.99 32-31.99h352c17.69 0 32 14.3 32 31.99S417.7 288 400 288z\"><\/path><\/svg>\n\t\t\t\t\t\t\t<\/span>\n\t\t\t<span class=\"uagb-question\">\u00bfEs doloroso colocarse un implante dental?<\/span><\/div><div class=\"uagb-faq-content\"><p>La intervenci\u00f3n se realiza con anestesia local y la mayor\u00eda de los pacientes la toleran muy bien. Durante el procedimiento normalmente no sentir\u00e1 dolor. Despu\u00e9s del tratamiento puede aparecer una ligera molestia, que suele desaparecer en pocos d\u00edas y puede controlarse f\u00e1cilmente con la medicaci\u00f3n recomendada.<\/p><\/div><\/div><div class=\"wp-block-uagb-faq-child uagb-faq-child__outer-wrap uagb-faq-item uagb-block-7f5eba5d \" role=\"tab\" tabindex=\"0\"><div class=\"uagb-faq-questions-button uagb-faq-questions\">\t\t\t<span class=\"uagb-icon uagb-faq-icon-wrap\">\n\t\t\t\t\t\t\t\t<svg xmlns=\"https:\/\/www.w3.org\/2000\/svg\" viewBox= \"0 0 448 512\"><path d=\"M432 256c0 17.69-14.33 32.01-32 32.01H256v144c0 17.69-14.33 31.99-32 31.99s-32-14.3-32-31.99v-144H48c-17.67 0-32-14.32-32-32.01s14.33-31.99 32-31.99H192v-144c0-17.69 14.33-32.01 32-32.01s32 14.32 32 32.01v144h144C417.7 224 432 238.3 432 256z\"><\/path><\/svg>\n\t\t\t\t\t\t\t<\/span>\n\t\t\t\t\t\t<span class=\"uagb-icon-active uagb-faq-icon-wrap\">\n\t\t\t\t\t\t\t\t<svg xmlns=\"https:\/\/www.w3.org\/2000\/svg\" viewBox= \"0 0 448 512\"><path d=\"M400 288h-352c-17.69 0-32-14.32-32-32.01s14.31-31.99 32-31.99h352c17.69 0 32 14.3 32 31.99S417.7 288 400 288z\"><\/path><\/svg>\n\t\t\t\t\t\t\t<\/span>\n\t\t\t<span class=\"uagb-question\">\u00bfCu\u00e1nto dura un implante dental?<\/span><\/div><div class=\"uagb-faq-content\"><p>Un implante dental es una soluci\u00f3n a largo plazo para sustituir dientes perdidos. Con una buena higiene bucal, revisiones peri\u00f3dicas e higienes dentales profesionales, los implantes pueden durar muchos a\u00f1os o incluso toda la vida. La clave est\u00e1 en mantener una correcta higiene en casa y acudir regularmente al dentista.<\/p><\/div><\/div><div class=\"wp-block-uagb-faq-child uagb-faq-child__outer-wrap uagb-faq-item uagb-block-3947c24e \" role=\"tab\" tabindex=\"0\"><div class=\"uagb-faq-questions-button uagb-faq-questions\">\t\t\t<span class=\"uagb-icon uagb-faq-icon-wrap\">\n\t\t\t\t\t\t\t\t<svg xmlns=\"https:\/\/www.w3.org\/2000\/svg\" viewBox= \"0 0 448 512\"><path d=\"M432 256c0 17.69-14.33 32.01-32 32.01H256v144c0 17.69-14.33 31.99-32 31.99s-32-14.3-32-31.99v-144H48c-17.67 0-32-14.32-32-32.01s14.33-31.99 32-31.99H192v-144c0-17.69 14.33-32.01 32-32.01s32 14.32 32 32.01v144h144C417.7 224 432 238.3 432 256z\"><\/path><\/svg>\n\t\t\t\t\t\t\t<\/span>\n\t\t\t\t\t\t<span class=\"uagb-icon-active uagb-faq-icon-wrap\">\n\t\t\t\t\t\t\t\t<svg xmlns=\"https:\/\/www.w3.org\/2000\/svg\" viewBox= \"0 0 448 512\"><path d=\"M400 288h-352c-17.69 0-32-14.32-32-32.01s14.31-31.99 32-31.99h352c17.69 0 32 14.3 32 31.99S417.7 288 400 288z\"><\/path><\/svg>\n\t\t\t\t\t\t\t<\/span>\n\t\t\t<span class=\"uagb-question\">\u00bfQu\u00e9 es mejor: un implante o un puente dental?<\/span><\/div><div class=\"uagb-faq-content\"><p>La mejor opci\u00f3n depende de su situaci\u00f3n particular. Un implante dental sustituye la ra\u00edz del diente perdido sin necesidad de desgastar los dientes vecinos sanos. Un puente puede ser una buena alternativa cuando un implante no es posible o no es la opci\u00f3n deseada. Tras una evaluaci\u00f3n completa, le recomendaremos el tratamiento m\u00e1s adecuado para garantizar su salud bucodental a largo plazo.<br><\/p><\/div><\/div><div class=\"wp-block-uagb-faq-child uagb-faq-child__outer-wrap uagb-faq-item uagb-block-881e106e \" role=\"tab\" tabindex=\"0\"><div class=\"uagb-faq-questions-button uagb-faq-questions\">\t\t\t<span class=\"uagb-icon uagb-faq-icon-wrap\">\n\t\t\t\t\t\t\t\t<svg xmlns=\"https:\/\/www.w3.org\/2000\/svg\" viewBox= \"0 0 448 512\"><path d=\"M432 256c0 17.69-14.33 32.01-32 32.01H256v144c0 17.69-14.33 31.99-32 31.99s-32-14.3-32-31.99v-144H48c-17.67 0-32-14.32-32-32.01s14.33-31.99 32-31.99H192v-144c0-17.69 14.33-32.01 32-32.01s32 14.32 32 32.01v144h144C417.7 224 432 238.3 432 256z\"><\/path><\/svg>\n\t\t\t\t\t\t\t<\/span>\n\t\t\t\t\t\t<span class=\"uagb-icon-active uagb-faq-icon-wrap\">\n\t\t\t\t\t\t\t\t<svg xmlns=\"https:\/\/www.w3.org\/2000\/svg\" viewBox= \"0 0 448 512\"><path d=\"M400 288h-352c-17.69 0-32-14.32-32-32.01s14.31-31.99 32-31.99h352c17.69 0 32 14.3 32 31.99S417.7 288 400 288z\"><\/path><\/svg>\n\t\t\t\t\t\t\t<\/span>\n\t\t\t<span class=\"uagb-question\">\u00bfCu\u00e1ndo necesito una corona dental?<\/span><\/div><div class=\"uagb-faq-content\"><p>Una corona dental est\u00e1 indicada cuando un diente est\u00e1 muy da\u00f1ado, debilitado o ha sido tratado mediante una endodoncia y ya no tiene suficiente resistencia. La corona protege el diente frente a nuevos da\u00f1os y restaura tanto su funci\u00f3n como su aspecto natural. Las coronas de cer\u00e1mica modernas son duraderas, altamente est\u00e9ticas y pr\u00e1cticamente indistinguibles de los dientes naturales.<\/p><\/div><\/div><div class=\"wp-block-uagb-faq-child uagb-faq-child__outer-wrap uagb-faq-item uagb-block-8b137009 \" role=\"tab\" tabindex=\"0\"><div class=\"uagb-faq-questions-button uagb-faq-questions\">\t\t\t<span class=\"uagb-icon uagb-faq-icon-wrap\">\n\t\t\t\t\t\t\t\t<svg xmlns=\"https:\/\/www.w3.org\/2000\/svg\" viewBox= \"0 0 448 512\"><path d=\"M432 256c0 17.69-14.33 32.01-32 32.01H256v144c0 17.69-14.33 31.99-32 31.99s-32-14.3-32-31.99v-144H48c-17.67 0-32-14.32-32-32.01s14.33-31.99 32-31.99H192v-144c0-17.69 14.33-32.01 32-32.01s32 14.32 32 32.01v144h144C417.7 224 432 238.3 432 256z\"><\/path><\/svg>\n\t\t\t\t\t\t\t<\/span>\n\t\t\t\t\t\t<span class=\"uagb-icon-active uagb-faq-icon-wrap\">\n\t\t\t\t\t\t\t\t<svg xmlns=\"https:\/\/www.w3.org\/2000\/svg\" viewBox= \"0 0 448 512\"><path d=\"M400 288h-352c-17.69 0-32-14.32-32-32.01s14.31-31.99 32-31.99h352c17.69 0 32 14.3 32 31.99S417.7 288 400 288z\"><\/path><\/svg>\n\t\t\t\t\t\t\t<\/span>\n\t\t\t<span class=\"uagb-question\">\u00bfPuedo recibir una corona dental en un solo d\u00eda?<\/span><\/div><div class=\"uagb-faq-content\"><p>S\u00ed. Gracias a la moderna tecnolog\u00eda CEREC, en muchos casos podemos dise\u00f1ar, fabricar y colocar coronas de cer\u00e1mica de alta calidad directamente en nuestra cl\u00ednica, a menudo en una sola cita. De este modo, se evitan las coronas provisionales y las m\u00faltiples visitas.<\/p><\/div><\/div><div class=\"wp-block-uagb-faq-child uagb-faq-child__outer-wrap uagb-faq-item uagb-block-f8ba8488 \" role=\"tab\" tabindex=\"0\"><div class=\"uagb-faq-questions-button uagb-faq-questions\">\t\t\t<span class=\"uagb-icon uagb-faq-icon-wrap\">\n\t\t\t\t\t\t\t\t<svg xmlns=\"https:\/\/www.w3.org\/2000\/svg\" viewBox= \"0 0 448 512\"><path d=\"M432 256c0 17.69-14.33 32.01-32 32.01H256v144c0 17.69-14.33 31.99-32 31.99s-32-14.3-32-31.99v-144H48c-17.67 0-32-14.32-32-32.01s14.33-31.99 32-31.99H192v-144c0-17.69 14.33-32.01 32-32.01s32 14.32 32 32.01v144h144C417.7 224 432 238.3 432 256z\"><\/path><\/svg>\n\t\t\t\t\t\t\t<\/span>\n\t\t\t\t\t\t<span class=\"uagb-icon-active uagb-faq-icon-wrap\">\n\t\t\t\t\t\t\t\t<svg xmlns=\"https:\/\/www.w3.org\/2000\/svg\" viewBox= \"0 0 448 512\"><path d=\"M400 288h-352c-17.69 0-32-14.32-32-32.01s14.31-31.99 32-31.99h352c17.69 0 32 14.3 32 31.99S417.7 288 400 288z\"><\/path><\/svg>\n\t\t\t\t\t\t\t<\/span>\n\t\t\t<span class=\"uagb-question\">\u00bfQu\u00e9 es CEREC?<\/span><\/div><div class=\"uagb-faq-content\"><p>CEREC es una tecnolog\u00eda digital avanzada para fabricar coronas, incrustaciones (inlays) y coronas parciales de cer\u00e1mica. Mediante un esc\u00e1ner digital se toman medidas de sus dientes con gran precisi\u00f3n, sin necesidad de moldes tradicionales. La restauraci\u00f3n se dise\u00f1a por ordenador y se fabrica en la propia cl\u00ednica, pudiendo colocarse, en muchos casos, el mismo d\u00eda. El resultado es una restauraci\u00f3n precisa, est\u00e9tica y duradera.<\/p><\/div><\/div><\/div>","protected":false},"excerpt":{"rendered":"<p>Zahnarztpraxis Eichwiesen Otra forma de hacer odontolog\u00eda Creemos en otra forma de hacer odontolog\u00eda: cercana, humana y profesional. Un espacio donde tu sonrisa es tan importante como tu bienestar, con la confianza de un equipo que te acompa\u00f1a en cada paso. Cuidamos tu sonrisa, cuidamos de tu salud dental. Una odontolog\u00eda cercana, profesional y respaldada [&hellip;]<\/p>\n","protected":false},"author":1,"featured_media":0,"parent":0,"menu_order":0,"comment_status":"closed","ping_status":"closed","template":"","meta":{"_uag_custom_page_level_css":"","site-sidebar-layout":"no-sidebar","site-content-layout":"page-builder","ast-site-content-layout":"full-width-container","site-content-style":"unboxed","site-sidebar-style":"unboxed","ast-global-header-display":"","ast-banner-title-visibility":"","ast-main-header-display":"","ast-hfb-above-header-display":"","ast-hfb-below-header-display":"","ast-hfb-mobile-header-display":"","site-post-title":"disabled","ast-breadcrumbs-content":"","ast-featured-img":"disabled","footer-sml-layout":"","ast-disable-related-posts":"","theme-transparent-header-meta":"enabled","adv-header-id-meta":"","stick-header-meta":"","header-above-stick-meta":"","header-main-stick-meta":"","header-below-stick-meta":"","astra-migrate-meta-layouts":"set","ast-page-background-enabled":"default","ast-page-background-meta":{"desktop":{"background-color":"var(--ast-global-color-4)","background-image":"","background-repeat":"repeat","background-position":"center center","background-size":"auto","background-attachment":"scroll","background-type":"","background-media":"","overlay-type":"","overlay-color":"","overlay-opacity":"","overlay-gradient":""},"tablet":{"background-color":"","background-image":"","background-repeat":"repeat","background-position":"center center","background-size":"auto","background-attachment":"scroll","background-type":"","background-media":"","overlay-type":"","overlay-color":"","overlay-opacity":"","overlay-gradient":""},"mobile":{"background-color":"","background-image":"","background-repeat":"repeat","background-position":"center center","background-size":"auto","background-attachment":"scroll","background-type":"","background-media":"","overlay-type":"","overlay-color":"","overlay-opacity":"","overlay-gradient":""}},"ast-content-background-meta":{"desktop":{"background-color":"var(--ast-global-color-5)","background-image":"","background-repeat":"repeat","background-position":"center center","background-size":"auto","background-attachment":"scroll","background-type":"","background-media":"","overlay-type":"","overlay-color":"","overlay-opacity":"","overlay-gradient":""},"tablet":{"background-color":"var(--ast-global-color-5)","background-image":"","background-repeat":"repeat","background-position":"center center","background-size":"auto","background-attachment":"scroll","background-type":"","background-media":"","overlay-type":"","overlay-color":"","overlay-opacity":"","overlay-gradient":""},"mobile":{"background-color":"var(--ast-global-color-5)","background-image":"","background-repeat":"repeat","background-position":"center center","background-size":"auto","background-attachment":"scroll","background-type":"","background-media":"","overlay-type":"","overlay-color":"","overlay-opacity":"","overlay-gradient":""}},"footnotes":""},"class_list":["post-1322","page","type-page","status-publish","hentry"],"uagb_featured_image_src":{"full":false,"thumbnail":false,"medium":false,"medium_large":false,"large":false,"1536x1536":false,"2048x2048":false},"uagb_author_info":{"display_name":"admin","author_link":"https:\/\/praxiseichwiesen.ch\/es\/blog\/author\/webmaster\/"},"uagb_comment_info":0,"uagb_excerpt":"Zahnarztpraxis Eichwiesen Otra forma de hacer odontolog\u00eda Creemos en otra forma de hacer odontolog\u00eda: cercana, humana y profesional. Un espacio donde tu sonrisa es tan importante como tu bienestar, con la confianza de un equipo que te acompa\u00f1a en cada paso. Cuidamos tu sonrisa, cuidamos de tu salud dental. Una odontolog\u00eda cercana, profesional y respaldada&hellip;","_links":{"self":[{"href":"https:\/\/praxiseichwiesen.ch\/es\/wp-json\/wp\/v2\/pages\/1322","targetHints":{"allow":["GET"]}}],"collection":[{"href":"https:\/\/praxiseichwiesen.ch\/es\/wp-json\/wp\/v2\/pages"}],"about":[{"href":"https:\/\/praxiseichwiesen.ch\/es\/wp-json\/wp\/v2\/types\/page"}],"author":[{"embeddable":true,"href":"https:\/\/praxiseichwiesen.ch\/es\/wp-json\/wp\/v2\/users\/1"}],"replies":[{"embeddable":true,"href":"https:\/\/praxiseichwiesen.ch\/es\/wp-json\/wp\/v2\/comments?post=1322"}],"version-history":[{"count":94,"href":"https:\/\/praxiseichwiesen.ch\/es\/wp-json\/wp\/v2\/pages\/1322\/revisions"}],"predecessor-version":[{"id":3197,"href":"https:\/\/praxiseichwiesen.ch\/es\/wp-json\/wp\/v2\/pages\/1322\/revisions\/3197"}],"wp:attachment":[{"href":"https:\/\/praxiseichwiesen.ch\/es\/wp-json\/wp\/v2\/media?parent=1322"}],"curies":[{"name":"wp","href":"https:\/\/api.w.org\/{rel}","templated":true}]}}